{"id":22818,"date":"2022-06-20T15:27:17","date_gmt":"2022-06-20T13:27:17","guid":{"rendered":"https:\/\/governativa.comune.varese.it\/?post_type=buone_pratiche&#038;p=22818"},"modified":"2022-06-29T15:52:38","modified_gmt":"2022-06-29T13:52:38","slug":"il-servizio-civile-nel-comune-di-malnate","status":"publish","type":"buone_pratiche","link":"https:\/\/www.rigenerativa.org\/it\/buone_pratiche\/il-servizio-civile-nel-comune-di-malnate\/","title":{"rendered":"Il servizio civile nel comune di Malnate"},"content":{"rendered":"\n<h5 class=\"wp-block-heading\"><mark style=\"background-color:rgba(0, 0, 0, 0);color:#365f91\" class=\"has-inline-color\">Denominazione esperienza<\/mark><\/h5>\n\n\n\n<p>Il Servizio Civile nel Comune di Malnate<\/p>\n\n\n\n<h5 class=\"wp-block-heading\"><mark style=\"background-color:rgba(0, 0, 0, 0);color:#365f91\" class=\"has-inline-color\">Ambito tematico dell&#8217;esperienza<\/mark><\/h5>\n\n\n\n<p>Welfare, Politiche Giovanili<\/p>\n\n\n\n<h5 class=\"wp-block-heading\"><mark style=\"background-color:rgba(0, 0, 0, 0);color:#365f91\" class=\"has-inline-color\">Natura dell&#8217;esperienza<\/mark><\/h5>\n\n\n\n<p>Si descrive l\u2019esperienza realizzata nel 2019\/2020 dal Comune di Malnate relativa all\u2019attivazione di 2 progetti di Servizio Civile Universale della durata di 12 mesi ciascuno che hanno coinvolto 6 volontari. In particolare, 2 volontari hanno svolto il servizio presso le istituzioni culturali della cittadina e 4 volontari hanno svolto la loro attivit\u00e0 presso istituzioni educative. Il Servizio Civile Universale, regolato dal Dipartimento per le Politiche Giovanili e il Servizio Civile Universale, consente ai giovani di dedicare alcuni mesi della propria vita alla realizzazione di azioni utili per le comunit\u00e0 e per il territorio. I volontari hanno l\u2019opportunit\u00e0 di confrontarsi con gli enti territoriali che operano in vari settori di intervento e intraprendono un\u2019esperienza di grande valore formativo e civile, in grado anche di dare loro competenze utili per l\u2019immissione nel mondo del lavoro. L\u2019esperienza del servizio civile rappresenta per le giovani generazioni un\u2019opportunit\u00e0 unica nel suo genere, non limitata alla fornitura di strumenti spendibili successivamente nel mondo del lavoro, ma progettata fin da subito come momento di educazione alla cittadinanza attiva, alla solidariet\u00e0 e al volontariato; come occasione per conoscere la citt\u00e0 e i suoi complessi apparati da un\u2019ottica inusuale: non di fruitore dei servizi, bens\u00ec di erogatore degli stessi.<\/p>\n\n\n\n<p>In generale, i settori di intervento in cui i volontari hanno l\u2019opportunit\u00e0 di essere coinvolti sono i seguenti: protezione civile; assistenza; patrimonio ambientale e riqualificazione urbana; patrimonio storico, artistico e culturale; educazione e promozione culturale, paesaggistica, ambientale, dello sport, del turismo; agricoltura; promozione della pace tra i popoli, della non violenza e della difesa non armata; promozione e tutela dei diritti umani; cooperazione allo sviluppo; promozione della cultura italiana all&#8217;estero e sostegno alle comunit\u00e0 di italiani all&#8217;estero.<\/p>\n\n\n\n<h5 class=\"wp-block-heading\"><mark style=\"background-color:rgba(0, 0, 0, 0);color:#365f91\" class=\"has-inline-color\">Perimetrazione territoriale<\/mark><\/h5>\n\n\n\n<p>Il progetto si \u00e8 svolto nel territorio del Comune di Malnate. Malnate &#8211; 355 m. slm &#8211; dista 8 km dal capoluogo Varese e conta 16.784 abitanti.<\/p>\n\n\n\n<h5 class=\"wp-block-heading\"><mark style=\"background-color:rgba(0, 0, 0, 0);color:#365f91\" class=\"has-inline-color\">Riferimenti normativi<\/mark><\/h5>\n\n\n\n<p>Il servizio civile trae le sue basi normative dalle trasformazioni ed evoluzioni susseguitesi a partire dal 1972, anno dell\u2019approvazione della <a href=\"https:\/\/www.serviziocivile.gov.it\/menutop\/normativa\/legge\/legge-15-dicembre-1972-n-772-norme-per-il-riconoscimento-dellobiezione-di-coscienzaabrogata-dallart-23-della-legge-8-luglio-1998-n-230.aspx\">legge n. 772<\/a>&nbsp;&#8220;Norme in materia di obiezione di coscienza&#8221;, che garantisce il diritto all&#8217;obiezione di coscienza motivata su basi di carattere morale, religioso e filosofico ed \u201cistituisce il servizio civile, sostitutivo del servizio militare e quindi obbligatorio\u201d (Servizio Civile). Negli anni i riferimenti normativi si sono profondamente evoluti, fino a giungere all\u2019attuale modello di Servizio Civile Universale. I riferimenti normativi dell\u2019attuale Servizio Civile Universale sono in primis il&nbsp;<a href=\"https:\/\/www.serviziocivile.gov.it\/media\/756624\/testointegratodlgs40-e-43_n.pdf\">Dlgs n.40 del 2017<\/a>, con il quale si trasforma&nbsp;il servizio civile da nazionale a universale con l&#8217;obiettivo di renderlo un&#8217;esperienza aperta a tutti i giovani che desiderano farlo. La normativa primaria di riferimento del Servizio Civile nazionale \u00e8 rappresentata dalla legge&nbsp;<a href=\"https:\/\/www.serviziocivile.gov.it\/media\/223782\/l-64200.doc\">6 marzo 2001 n.64<\/a>&nbsp;e dal&nbsp;<a href=\"https:\/\/www.serviziocivile.gov.it\/media\/223671\/d-lgs-772002.doc\">Dlgs 5 aprile 2002 n\u00b0 77<\/a>&nbsp;modificato e integrato dalla Legge 31 marzo 2005, n. 43 cui fa riferimento la ricca normativasecondaria che ha regolamentato la materia del Servizio Civile nazionale.<\/p>\n\n\n\n<h5 class=\"wp-block-heading\"><mark style=\"background-color:rgba(0, 0, 0, 0);color:#365f91\" class=\"has-inline-color\">Assetti delle istituzioni e delle reti coinvolte nell&#8217;esperienza: governance e attivit\u00e0 operative<\/mark><\/h5>\n\n\n\n<p>Il Servizio Civile Universale \u00e8 promosso e finanziato dallo Stato Italiano attraverso il Dipartimento per le politiche giovanili ed il Servizio Civile Universale della Presidenza del Consiglio dei Ministri, che pubblica annualmente il bando per gli enti accreditati. ANCI Lombardia, con il network delle ANCI regionali, \u00e8 ente iscritto all&#8217;albo di Servizio Civile Universale e ha formalizzato un protocollo di intesa (giugno 2003) con Regione Lombardia, che vede l&#8217;Associazione impegnata nella definizione e diffusione del piano regionale sul servizio civile, nella progettazione di corsi di formazione sull&#8217;argomento rivolti agli Enti locali e nella qualificazione della capacit\u00e0 progettuale degli Enti locali in materia. L\u2019Associazione, insieme al network delle ANCI regionali (Lombardia, Abruzzo, Umbria, Marche, Sardegna, Liguria, Piemonte, Friuli Venezia Giulia) opera a livello nazionale coinvolgendo circa 900 Comuni nelle attivit\u00e0 di coprogettazione degli interventi di servizio civile. Il Comune di Malnate, aderendo alla convenzione con Anci Lombardia, ha partecipato alle attivit\u00e0 di coprogettazione mettendo in campo le proprie risorse umane e territoriali per articolare una serie di attivit\u00e0 di rete che rilanciassero le istituzioni culturali ed educative cittadine. Il contesto specifico di realizzazione della presente pratica ha visto il Comune di Malnate al centro di una complessa rete multilivello sviluppata con l\u2019obiettivo di attuare il Servizio Civile Universale e avviare i 6 volontari a svolgere le attivit\u00e0 programmate. Le istituzioni cittadine coinvolte nel processo di programmazione delle attivit\u00e0, in stretta collaborazione con i volontari selezionati, sono la Biblioteca di Malnate, le istituzioni culturali cittadine e le istituzioni scolastiche ed educative del territorio.&nbsp;&nbsp;<\/p>\n\n\n\n<h5 class=\"wp-block-heading\"><mark style=\"background-color:rgba(0, 0, 0, 0);color:#365f91\" class=\"has-inline-color\">Obiettivi<\/mark><\/h5>\n\n\n\n<p>La realizzazione del progetto si \u00e8 posta i seguenti obiettivi generali:<\/p>\n\n\n\n<ul class=\"wp-block-list\"><li>promuovere la qualit\u00e0 e lo sviluppo delle politiche giovanili attraverso la diffusione del servizio civile;<\/li><li>diffondere buone prassi per la gestione dei volontari nelle sedi, promuovendo un atteggiamento attivo e propositivo tra gli operatori degli enti coinvolti.<\/li><\/ul>\n\n\n\n<p>Di seguito sono indicati gli obiettivi previsti dai servizi erogati all\u2019interno del quale il volontario sar\u00e0 coinvolto:<\/p>\n\n\n\n<ul class=\"wp-block-list\"><li><strong>MALNATE CITTA\u2019 DELLE BAMBINE E DEI BAMBINI<\/strong><\/li><\/ul>\n\n\n\n<p>Gli obiettivi generali del progetto di servizio civile si sono incardinati in quelli del progetto \u201cMalnate Citt\u00e0 delle Bambine e dei Bambini\u201d ovvero:<\/p>\n\n\n\n<ul class=\"wp-block-list\"><li>ridefinire il punto di partenza dell\u2019amministrare, dando voce ai bambini e ai ragazzi;<\/li><li>promuovere la partecipazione attiva;<\/li><li>promuovere e favorire l\u2019autonomia di movimento dei bambini e dei ragazzi in citt\u00e0;<\/li><li>favorire luoghi di incontro, di scambio, di crescita, di cambiamento delle dinamiche sociali e della percezione della sicurezza;<\/li><li>attuare una graduale trasformazione della citt\u00e0, degli spazi pubblici e del loro utilizzo.<\/li><\/ul>\n\n\n\n<ul class=\"wp-block-list\"><li><strong>INFORMAGIOVANI E INFORMALAVORO<\/strong><\/li><\/ul>\n\n\n\n<p>Il progetto di servizio civile \u00e8 intervenuto per garantire l\u2019erogazione di servizi informativi e di orientamento rivolti alla popolazione giovanile del Comune e dei paesi limitrofi.<\/p>\n\n\n\n<p>Grazie alla presenza del volontario si \u00e8 agito sul miglioramento qualitativo e quantitativo delle prestazioni del servizio di prima informazione: prima accoglienza e risposta generalista pi\u00f9 rapida, aggiornamento dei materiali e degli spazi pi\u00f9 puntuale.<\/p>\n\n\n\n<ul class=\"wp-block-list\"><li><strong>MALNATE CITTA\u2019 PER GLI ANZIANI<\/strong><\/li><\/ul>\n\n\n\n<p>L\u2019obiettivo del progetto di servizio civile \u00e8 stato il coinvolgimento degli anziani ancora attivi in attivit\u00e0 di socializzazione e di svago.<\/p>\n\n\n\n<h5 class=\"wp-block-heading\"><mark style=\"background-color:rgba(0, 0, 0, 0);color:#365f91\" class=\"has-inline-color\">Elementi significativi di novit\u00e0 dell&#8217;esperienza<\/mark><\/h5>\n\n\n\n<p>La realizzazione dei progetti ha avuto finalit\u00e0 tradizionalmente legate al servizio civile e forti elementi di innovativit\u00e0 legati alla possibilit\u00e0 che l\u2019esperienza accompagni i giovani volontari verso l\u2019inserimento nel mondo del lavoro. Per avvicinare i giovani al mondo del lavoro i progetti del Comune di Malnate hanno puntato sul riconoscimento delle competenze professionali. Il riconoscimento delle competenze acquisite durante l\u2019esperienza di servizio civile \u00e8 importante per il volontario, in quanto in grado di accrescere le possibilit\u00e0 occupazionali e facilitare l\u2019accesso a qualifiche e titoli di studio pi\u00f9 elevati.<\/p>\n\n\n\n<p>Per i casi di acquisizione delle competenze al di fuori di percorsi formativi formali, i contenuti della certificazione in Regione Lombardia sono definiti dai profili professionali del Quadro Regionale degli Standard Professionali. Il sistema di certificazione delle competenze, descritto dal QRSP, permette a ogni persona di valorizzare il proprio capitale umano e professionale in termini di competenze, conoscenze e abilit\u00e0, acquisite anche in ambiti non formali e informali.<\/p>\n\n\n\n<p>In primo luogo, il processo di riconoscimento delle competenze individuali richiede l\u2019individuazione delle competenze acquisibili dai volontari durante lo svolgimento del progetto.<\/p>\n\n\n\n<p>In secondo luogo, in relazione a ciascun volontario, si tratta di: verificare le sue competenze in ingresso; verificare le competenze acquisite in seguito alla partecipazione alle attivit\u00e0 sia di formazione in aula o a distanza sia durante le attivit\u00e0 svolte nell\u2019ente.<\/p>\n\n\n\n<p>In terzo luogo, viene avviato il processo di certificazione delle competenze in ambito non formale rispettando la seguente procedura:<\/p>\n\n\n\n<ol class=\"wp-block-list\" type=\"1\"><li>consegna, da parte del volontario, della \u201cdomanda\u201d di certificazione all\u2019ente accreditato per i servizi al lavoro, supportata da una scheda descrittiva sintetica delle attivit\u00e0 SVOLTE ? e del proprio cv in formato europeo;<\/li><li>registrazione nei sistemi regionali, da parte dell\u2019ente, dell\u2019istanza di certificazione in ambito non formale;<\/li><li>valutazione, da parte dell\u2019ente, della domanda e della coerenza con la competenza da certificare;<\/li><li>convocazione per il colloquio informativo (l\u2019ente spiega al candidato come costruire il portfolio delle evidenze specificando l\u2019importanza di indicare come \u00e8 stata acquisita la competenza attraverso la presentazione di materiali documentali, per esempio, lettera di referenza dell\u2019OLP, verbali delle riunioni d\u2019equipe, foto, video, ecc.);<\/li><li>caricamento del portfolio sul portale del sito web dell\u2019ente;<\/li><li>nomina da parte dell\u2019ente accreditato di un assessor (persona esterna all\u2019ente, indipendente, esperto di contenuto con almeno 10 anni di esperienza nell\u2019ambito del contenuto della valutazione);<\/li><li>valutazione da parte dell\u2019assessor del portfolio presentato dal volontario e compilazione del punteggio tenendo conto degli indicatori di competenza (definiti dall\u2019ente);<\/li><li>convocazione del volontario da parte dell\u2019assessor per verificare l\u2019acquisizione della competenza attraverso un colloquio e\/o una prova pratica e\/o scritta e\/o somministrazione di un test.<\/li><\/ol>\n\n\n\n<p>Se tutte le attivit\u00e0 hanno avuto un esito favorevole, la procedura termina con il caricamento del giudizio sul sistema regionale e con l\u2019invio della certificazione al domicilio dei volontari.<\/p>\n\n\n\n<h5 class=\"wp-block-heading\"><mark style=\"background-color:rgba(0, 0, 0, 0);color:#365f91\" class=\"has-inline-color\">Risorse economiche <\/mark><\/h5>\n\n\n\n<p><em>Finanziamento stanziato dal Comune per la stesura del progetto e per la gestione dei volontari \u20ac7.500. Finanziamento dello Stato per le indennit\u00e0 di servizio dei volontari \u20ac31.233.&nbsp; Valorizzazione delle ore prestate dai volontari in attivit\u00e0 di servizio 1250 x 17 euro l\u2019ora x 6 volontari = 127.500 euro.<\/em><\/p>\n\n\n\n<div class=\"cl-layout-container search-filter-results-22864\" style=\"--cl-layout-padding:0px;--cl-layout-margin:5px;\"><div  class=\"cl-layout cl-layout--grid cl-layout--id-22872  cl-layout--col-l-3 cl-layout--col-m-3 cl-layout--col-s-2 cl-layout--col-xs-1\"  style=\"--cl-layout-gap-c: 10px;--cl-layout-gap-r: 10px;\n\t\t\" ><div  class=\"cl-layout__item cl-layout__item--id-22822\" ><div  class=\"cl-template cl-template--post cl-template--id-22812 cl-template--image-top\" ><div class=\"cl-element cl-element-featured_media cl-element--instance-1004  cl-element-featured_media--sizing-natural\"><a class=\"cl-element-featured_media__anchor\" href=\"https:\/\/www.rigenerativa.org\/it\/buone_pratiche\/tradatewelfare\/\" title=\"TradateWelfare\"><img decoding=\"async\"  class=\"cl-element-featured_media__image\"  src=\"https:\/\/www.rigenerativa.org\/wp-content\/uploads\/2022\/06\/family_1920-1024x685.jpg\"  \/><\/a><\/div><div class=\"cl-element cl-element-section cl-element--instance-1005 \"><h5 class=\"cl-element cl-element-title cl-element--instance-1001 \"><a class=\"cl-element-title__anchor\" href=\"https:\/\/www.rigenerativa.org\/it\/buone_pratiche\/tradatewelfare\/\">TradateWelfare<\/a><\/h5><div class=\"cl-element cl-element-excerpt cl-element--instance-1002 \">Denominazione esperienza TradateWelfare: una piattaforma digitale per i servizi sociali\u201c Ambito tematico...<\/div><div class=\"cl-element cl-element-link cl-element--instance-1003 btn-small cl-element-link__anchor_template\"><a class=\"cl-element-link__anchor\" href=\"https:\/\/www.rigenerativa.org\/it\/buone_pratiche\/tradatewelfare\/\">APPROFONDISCI<\/a><\/div><\/div><\/div><\/div><div  class=\"cl-layout__item cl-layout__item--id-22820\" ><div  class=\"cl-template cl-template--post cl-template--id-22812 cl-template--image-top\" ><div class=\"cl-element cl-element-featured_media cl-element--instance-1004  cl-element-featured_media--sizing-natural\"><a class=\"cl-element-featured_media__anchor\" href=\"https:\/\/www.rigenerativa.org\/it\/buone_pratiche\/progetto-di-walfare-nel-comune-di-sondrio\/\" title=\"Progetto di walfare nel comune di Sondrio\"><img decoding=\"async\"  class=\"cl-element-featured_media__image\"  src=\"https:\/\/www.rigenerativa.org\/wp-content\/uploads\/2022\/06\/Sondrio-1024x683.jpg\"  \/><\/a><\/div><div class=\"cl-element cl-element-section cl-element--instance-1005 \"><h5 class=\"cl-element cl-element-title cl-element--instance-1001 \"><a class=\"cl-element-title__anchor\" href=\"https:\/\/www.rigenerativa.org\/it\/buone_pratiche\/progetto-di-walfare-nel-comune-di-sondrio\/\">Progetto di walfare nel comune di Sondrio<\/a><\/h5><div class=\"cl-element cl-element-excerpt cl-element--instance-1002 \">Denominazione esperienza Sviluppo di un progetto di welfare comunitario realizzato nell\u2019Ambito territoriale...<\/div><div class=\"cl-element cl-element-link cl-element--instance-1003 btn-small cl-element-link__anchor_template\"><a class=\"cl-element-link__anchor\" href=\"https:\/\/www.rigenerativa.org\/it\/buone_pratiche\/progetto-di-walfare-nel-comune-di-sondrio\/\">APPROFONDISCI<\/a><\/div><\/div><\/div><\/div><div  class=\"cl-layout__item cl-layout__item--id-22807\" ><div  class=\"cl-template cl-template--post cl-template--id-22812 cl-template--image-top\" ><div class=\"cl-element cl-element-featured_media cl-element--instance-1004  cl-element-featured_media--sizing-natural\"><a class=\"cl-element-featured_media__anchor\" href=\"https:\/\/www.rigenerativa.org\/it\/buone_pratiche\/via-francisca-del-lucomagno\/\" title=\"Impresa sociale Girasole\"><img decoding=\"async\"  class=\"cl-element-featured_media__image\"  src=\"https:\/\/www.rigenerativa.org\/wp-content\/uploads\/2022\/06\/Girasole-1024x683.jpg\"  \/><\/a><\/div><div class=\"cl-element cl-element-section cl-element--instance-1005 \"><h5 class=\"cl-element cl-element-title cl-element--instance-1001 \"><a class=\"cl-element-title__anchor\" href=\"https:\/\/www.rigenerativa.org\/it\/buone_pratiche\/via-francisca-del-lucomagno\/\">Impresa sociale Girasole<\/a><\/h5><div class=\"cl-element cl-element-excerpt cl-element--instance-1002 \">Denominazione esperienza Impresa sociale in tema di welfare nella provincia di Lecco...<\/div><div class=\"cl-element cl-element-link cl-element--instance-1003 btn-small cl-element-link__anchor_template\"><a class=\"cl-element-link__anchor\" href=\"https:\/\/www.rigenerativa.org\/it\/buone_pratiche\/via-francisca-del-lucomagno\/\">APPROFONDISCI<\/a><\/div><\/div><\/div><\/div><\/div><\/div>\n","protected":false},"author":1,"featured_media":23054,"menu_order":0,"comment_status":"closed","ping_status":"closed","template":"","meta":{"_acf_changed":false,"footnotes":""},"class_list":["post-22818","buone_pratiche","type-buone_pratiche","status-publish","has-post-thumbnail","hentry","meta_data_filter_cat-politiche-giovanili","meta_data_filter_cat-welfare"],"translation":{"provider":"WPGlobus","version":"3.0.2","language":"it","enabled_languages":["en","it"],"languages":{"en":{"title":true,"content":true,"excerpt":false},"it":{"title":false,"content":false,"excerpt":false}}},"acf":[],"_links":{"self":[{"href":"https:\/\/www.rigenerativa.org\/it\/wp-json\/wp\/v2\/buone_pratiche\/22818","targetHints":{"allow":["GET"]}}],"collection":[{"href":"https:\/\/www.rigenerativa.org\/it\/wp-json\/wp\/v2\/buone_pratiche"}],"about":[{"href":"https:\/\/www.rigenerativa.org\/it\/wp-json\/wp\/v2\/types\/buone_pratiche"}],"author":[{"embeddable":true,"href":"https:\/\/www.rigenerativa.org\/it\/wp-json\/wp\/v2\/users\/1"}],"replies":[{"embeddable":true,"href":"https:\/\/www.rigenerativa.org\/it\/wp-json\/wp\/v2\/comments?post=22818"}],"version-history":[{"count":4,"href":"https:\/\/www.rigenerativa.org\/it\/wp-json\/wp\/v2\/buone_pratiche\/22818\/revisions"}],"predecessor-version":[{"id":23057,"href":"https:\/\/www.rigenerativa.org\/it\/wp-json\/wp\/v2\/buone_pratiche\/22818\/revisions\/23057"}],"wp:featuredmedia":[{"embeddable":true,"href":"https:\/\/www.rigenerativa.org\/it\/wp-json\/wp\/v2\/media\/23054"}],"wp:attachment":[{"href":"https:\/\/www.rigenerativa.org\/it\/wp-json\/wp\/v2\/media?parent=22818"}],"curies":[{"name":"wp","href":"https:\/\/api.w.org\/{rel}","templated":true}]}}