{"id":23129,"date":"2022-12-12T17:53:59","date_gmt":"2022-12-12T16:53:59","guid":{"rendered":"https:\/\/governativa.comune.varese.it\/?page_id=23129"},"modified":"2026-02-27T16:59:42","modified_gmt":"2026-02-27T15:59:42","slug":"modelli-di-governance","status":"publish","type":"page","link":"https:\/\/www.rigenerativa.org\/it\/modelli-di-governance\/","title":{"rendered":"Modelli di Governace per la Mobilit\u00e0 Sostenibile"},"content":{"rendered":"<section data-vc-full-width=\"true\" data-vc-full-width-init=\"false\" data-vc-stretch-content=\"true\" class=\"vc_row wpb_row vc_row-fluid  vc_custom_1670858972137 top-space pofo-stretch-content vc_row-no-padding\"><div class=\"wpb_column vc_column_container vc_col-sm-12  col-xs-mobile-fullwidth\"><div class=\"vc_column-inner vc_custom_1655306684646\"><div class=\"wpb_wrapper\"><div id=\"pofo-image-slider-1\" class=\"swiper-container height-100 width-100 pofo-image-style8 pofo-image-slider-1  pofo-slider8 pofo-slider8-1\" data-slider-options=\"{&quot;keyboard&quot;:true,&quot;slidesPerView&quot;:1,&quot;autoplay&quot;:false}\"><div class=\"swiper-wrapper\"><div class=\"swiper-slide cover-background bg-image-srcset\" style=\"background-image:url(https:\/\/www.rigenerativa.org\/wp-content\/uploads\/2022\/12\/people-2568603_1920.jpg)\" data-bg-srcset=\"https:\/\/www.rigenerativa.org\/wp-content\/uploads\/2022\/12\/people-2568603_1920.jpg 1920w, https:\/\/www.rigenerativa.org\/wp-content\/uploads\/2022\/12\/people-2568603_1920-300x200.jpg 300w, https:\/\/www.rigenerativa.org\/wp-content\/uploads\/2022\/12\/people-2568603_1920-1024x683.jpg 1024w, https:\/\/www.rigenerativa.org\/wp-content\/uploads\/2022\/12\/people-2568603_1920-768x512.jpg 768w, https:\/\/www.rigenerativa.org\/wp-content\/uploads\/2022\/12\/people-2568603_1920-1536x1025.jpg 1536w, https:\/\/www.rigenerativa.org\/wp-content\/uploads\/2022\/12\/people-2568603_1920-1156x771.jpg 1156w, https:\/\/www.rigenerativa.org\/wp-content\/uploads\/2022\/12\/people-2568603_1920-120x80.jpg 120w, https:\/\/www.rigenerativa.org\/wp-content\/uploads\/2022\/12\/people-2568603_1920-81x54.jpg 81w\"><div class=\"bg-black bg-overlay\" style=\"opacity:0.3; \"><\/div><div class=\"container position-relative height-100\"><div class=\"slider-typography text-center\"><div class=\"slider-text-middle-main\"><div class=\"slider-text-middle\"><div class=\"alt-font text-white font-weight-600 letter-spacing-minus-1 margin-three-bottom center-col sm-margin-four-bottom xs-margin-five-bottom xs-letter-spacing-0 word-wrap width-60 md-width-80 xs-width-90 title-medium\">Modelli di Governance per la Mobilit\u00e0 Sostenibile<\/div><\/div><\/div><\/div><\/div><\/div><\/div><\/div><\/div><\/div><\/div><\/section><div class=\"vc_row-full-width vc_clearfix\"><\/div><section class=\"vc_row wpb_row vc_row-fluid  vc_custom_1670858996350 wow fadeIn\"><div class=\"wpb_column vc_column_container vc_col-sm-3 vc_col-xs-12 wow fadeInRight\"><div class=\"vc_column-inner \"><div class=\"wpb_wrapper\"><\/div><\/div><\/div><div class=\"wpb_column vc_column_container vc_col-sm-6  col-xs-mobile-fullwidth wow fadeInRight\"><div class=\"vc_column-inner \"><div class=\"wpb_wrapper\"><div class=\"text-medium-gray text-small margin-5px-bottom alt-font heading-style4  heading-1\" ><\/div><h5 class=\"text-extra-dark-gray margin-20px-bottom font-weight-600 display-inline-block alt-font heading-style2  heading-2\" >DESCRIZIONE DEL PROGETTO<\/h5><\/div><\/div><\/div><div class=\"wpb_column vc_column_container vc_col-sm-3 vc_col-xs-12 wow fadeInRight\"><div class=\"vc_column-inner \"><div class=\"wpb_wrapper\"><\/div><\/div><\/div><\/section><section class=\"vc_row wpb_row vc_row-fluid  vc_custom_1670858937137\"><div class=\"wpb_column vc_column_container vc_col-md-2 col-xs-mobile-fullwidth\"><div class=\"vc_column-inner \"><div class=\"wpb_wrapper\"><\/div><\/div><\/div><div class=\"wpb_column vc_column_container vc_col-sm-12 vc_col-md-8 vc_col-xs-12\"><div class=\"vc_column-inner \"><div class=\"wpb_wrapper\"><div class=\"last-paragraph-no-margin\"><p>Un progetto di sviluppo del territorio come quello di GovernaTI-VA esprime dei forti valori e pu\u00f2 avere un forte impatto sull\u2019economia locale diventando quindi di interesse generale. Spesso l\u2019impegno trova per\u00f2 grosse difficolt\u00e0 nell\u2019essere conosciuto e condiviso dalle Istituzioni, dagli stakeholder e dai cittadini rendendo difficile l\u2019applicazione pratica dei risultati ottenuti su carta.<\/p>\n<\/div><\/div><\/div><\/div><div class=\"wpb_column vc_column_container vc_col-md-2 col-xs-mobile-fullwidth\"><div class=\"vc_column-inner \"><div class=\"wpb_wrapper\"><\/div><\/div><\/div><\/section><section data-vc-full-width=\"true\" data-vc-full-width-init=\"false\" data-vc-stretch-content=\"true\" class=\"vc_row wpb_row vc_row-fluid  vc_custom_1655998251045 pofo-stretch-content vc_row-no-padding vc_row-o-content-middle vc_row-flex\"><div class=\"wpb_column vc_column_container vc_col-sm-12 vc_col-lg-6 vc_col-md-6 vc_col-xs-12\"><div class=\"vc_column-inner \"><div class=\"wpb_wrapper\">[vc_single_image image=&#8221;23172&#8243; img_size=&#8221;full&#8221;]<\/div><\/div><\/div><div class=\"wpb_column vc_column_container vc_col-sm-1 vc_col-lg-6 vc_col-md-6 vc_col-xs-1\"><div class=\"vc_column-inner vc_custom_1655998573926\"><div class=\"wpb_wrapper\"><h4 class=\"text-extra-dark-gray margin-20px-bottom font-weight-600 display-inline-block alt-font heading-style2  heading-3\"  style=\"font-weight: 600;\">Ricerca e analisi<br \/>del dato di mobilit\u00e0<\/h4><div class=\" vc_custom_1671623701447 last-paragraph-no-margin\"><p>La sezione si pone l&#8217;obiettivo di fornire gli strumenti per trovare dati di mobilit\u00e0 e come utilizzarli.<\/p>\n<\/div><a  href=\"\/ricerca-e-analisi-del-dato-di-mobilita\/\" target=\"_self\" class=\"btn pofo-button-1 button-style5  btn-dark-gray btn-rounded  btn-medium   vc_custom_1772207955480\"  style=\"color:#000000; \">Esplora<\/a><\/div><\/div><\/div><\/section><div class=\"vc_row-full-width vc_clearfix\"><\/div><section data-vc-full-width=\"true\" data-vc-full-width-init=\"false\" data-vc-stretch-content=\"true\" class=\"vc_row wpb_row vc_row-fluid  vc_custom_1655998587450 pofo-stretch-content vc_row-no-padding vc_row-o-content-middle vc_row-flex\"><div class=\"wpb_column vc_column_container vc_col-sm-6  col-xs-mobile-fullwidth\"><div class=\"vc_column-inner vc_custom_1654680755460\"><div class=\"wpb_wrapper\"><h4 class=\"text-extra-dark-gray margin-20px-bottom font-weight-600 display-inline-block alt-font heading-style2  heading-4\"  style=\"font-weight: 600;\">Documenti istituzionali di mobilit\u00e0<\/h4><div class=\" vc_custom_1671623736448 last-paragraph-no-margin\"><p>Questo spazio \u00e8 dedicato a tutti quei documenti utili per iniziare un progetto di mobilit\u00e0 territoriale.<\/p>\n<\/div><a  href=\"\/documenti-istituzionali-di-mobilita\/\" target=\"_self\" class=\"btn pofo-button-2 button-style5  btn-dark-gray btn-rounded  btn-medium   vc_custom_1772207967280\"  style=\"color:#000000; \">Esplora<\/a><\/div><\/div><\/div><div class=\"wpb_column vc_column_container vc_col-sm-6  col-xs-mobile-fullwidth\"><div class=\"vc_column-inner \"><div class=\"wpb_wrapper\">[vc_single_image image=&#8221;23176&#8243; img_size=&#8221;full&#8221;]<\/div><\/div><\/div><\/section><div class=\"vc_row-full-width vc_clearfix\"><\/div><section data-vc-full-width=\"true\" data-vc-full-width-init=\"false\" data-vc-stretch-content=\"true\" class=\"vc_row wpb_row vc_row-fluid  vc_custom_1657727438407 pofo-stretch-content vc_row-no-padding vc_row-o-content-middle vc_row-flex\"><div class=\"wpb_column vc_column_container vc_col-sm-6  col-xs-mobile-fullwidth\"><div class=\"vc_column-inner \"><div class=\"wpb_wrapper\">[vc_single_image image=&#8221;23131&#8243; img_size=&#8221;full&#8221;]<\/div><\/div><\/div><div class=\"wpb_column vc_column_container vc_col-sm-6  col-xs-mobile-fullwidth\"><div class=\"vc_column-inner vc_custom_1654680755460\"><div class=\"wpb_wrapper\"><h4 class=\"text-extra-dark-gray margin-20px-bottom font-weight-600 display-inline-block alt-font heading-style2  heading-5\"  style=\"font-weight: 600;\">Comunicazione<br \/>dei progetti di mobilit\u00e0<\/h4><div class=\" vc_custom_1671623821906 last-paragraph-no-margin\"><p>L&#8217;area dedicata alla comunicazione mette in evidenza le migliori strategie comunicative necessarie per il successo di qualsiasi progetto.<\/p>\n<\/div><a  href=\"\/comunicazione-dei-progetti-di-mobilita\/\" target=\"_self\" class=\"btn pofo-button-3 button-style5  btn-dark-gray btn-rounded  btn-medium   vc_custom_1772207980190\"  style=\"color:#000000; \">Esplora<\/a><\/div><\/div><\/div><\/section><div class=\"vc_row-full-width vc_clearfix\"><\/div><section data-vc-full-width=\"true\" data-vc-full-width-init=\"false\" data-vc-stretch-content=\"true\" class=\"vc_row wpb_row vc_row-fluid  vc_custom_1655471585770 overflow-visible wow fadeInRight vc_row-has-fill pofo-stretch-content vc_row-no-padding\"><div class=\"wpb_column vc_column_container vc_col-sm-2 vc_col-md-2 col-xs-mobile-fullwidth text-center\"><div class=\"vc_column-inner vc_custom_1655471394606\"><div class=\"wpb_wrapper\">[vc_single_image image=&#8221;22508&#8243; img_size=&#8221;large&#8221;]<\/div><\/div><\/div><div class=\"wpb_column vc_column_container vc_col-sm-2 vc_col-md-2 col-xs-mobile-fullwidth text-center\"><div class=\"vc_column-inner vc_custom_1655471416711\"><div class=\"wpb_wrapper\">[vc_single_image image=&#8221;22475&#8243; img_size=&#8221;large&#8221;]<\/div><\/div><\/div><div class=\"wpb_column vc_column_container vc_col-sm-2 vc_col-md-2 col-xs-mobile-fullwidth text-center\"><div class=\"vc_column-inner vc_custom_1655471428437\"><div class=\"wpb_wrapper\">[vc_single_image image=&#8221;22476&#8243; img_size=&#8221;large&#8221;]<\/div><\/div><\/div><div class=\"wpb_column vc_column_container vc_col-sm-2 vc_col-md-2 col-xs-mobile-fullwidth text-center\"><div class=\"vc_column-inner vc_custom_1655471457466\"><div class=\"wpb_wrapper\">[vc_single_image image=&#8221;22477&#8243; img_size=&#8221;large&#8221;]<\/div><\/div><\/div><div class=\"wpb_column vc_column_container vc_col-sm-2 vc_col-md-2 col-xs-mobile-fullwidth text-center\"><div class=\"vc_column-inner vc_custom_1655471488790\"><div class=\"wpb_wrapper\">[vc_single_image image=&#8221;22478&#8243; img_size=&#8221;large&#8221;]<\/div><\/div><\/div><div class=\"wpb_column vc_column_container vc_col-sm-2 vc_col-md-2 col-xs-mobile-fullwidth text-center\"><div class=\"vc_column-inner vc_custom_1655471503974\"><div class=\"wpb_wrapper\">[vc_single_image image=&#8221;22740&#8243; img_size=&#8221;large&#8221;]<\/div><\/div><\/div><\/section><div class=\"vc_row-full-width vc_clearfix\"><\/div>\n","protected":false},"excerpt":{"rendered":"Modelli di Governance per la Mobilit\u00e0 SostenibileDESCRIZIONE DEL PROGETTOUn progetto di sviluppo del territorio come quello di GovernaTI-VA esprime dei forti valori e pu\u00f2 avere un forte impatto sull\u2019economia locale diventando quindi di interesse generale. Spesso l\u2019impegno trova per\u00f2 grosse difficolt\u00e0 nell\u2019essere conosciuto e condiviso dalle Istituzioni, dagli stakeholder e dai cittadini rendendo difficile l\u2019applicazione pratica dei risultati ottenuti su carta. [vc_single_image image=\"23172\" img_size=\"full\"]Ricerca e analisidel dato di mobilit\u00e0La sezione si pone l'obiettivo di fornire gli strumenti per trovare dati di mobilit\u00e0 e come utilizzarli. EsploraDocumenti istituzionali di mobilit\u00e0Questo spazio \u00e8 dedicato a tutti quei documenti utili per iniziare un progetto di mobilit\u00e0 territoriale. Esplora[vc_single_image image=\"23176\" img_size=\"full\"][vc_single_image image=\"23131\" img_size=\"full\"]Comunicazionedei progetti di mobilit\u00e0L'area dedicata alla comunicazione mette in evidenza le migliori strategie comunicative necessarie per il successo di qualsiasi progetto. Esplora[vc_single_image image=\"22508\" img_size=\"large\"][vc_single_image image=\"22475\" img_size=\"large\"][vc_single_image image=\"22476\" img_size=\"large\"][vc_single_image image=\"22477\" img_size=\"large\"][vc_single_image image=\"22478\" img_size=\"large\"][vc_single_image image=\"22740\" img_size=\"large\"]","protected":false},"author":1,"featured_media":0,"parent":0,"menu_order":0,"comment_status":"closed","ping_status":"closed","template":"","meta":{"_acf_changed":false,"footnotes":""},"class_list":["post-23129","page","type-page","status-publish","hentry"],"translation":{"provider":"WPGlobus","version":"3.0.2","language":"it","enabled_languages":["en","it"],"languages":{"en":{"title":true,"content":true,"excerpt":false},"it":{"title":false,"content":false,"excerpt":false}}},"acf":[],"_links":{"self":[{"href":"https:\/\/www.rigenerativa.org\/it\/wp-json\/wp\/v2\/pages\/23129","targetHints":{"allow":["GET"]}}],"collection":[{"href":"https:\/\/www.rigenerativa.org\/it\/wp-json\/wp\/v2\/pages"}],"about":[{"href":"https:\/\/www.rigenerativa.org\/it\/wp-json\/wp\/v2\/types\/page"}],"author":[{"embeddable":true,"href":"https:\/\/www.rigenerativa.org\/it\/wp-json\/wp\/v2\/users\/1"}],"replies":[{"embeddable":true,"href":"https:\/\/www.rigenerativa.org\/it\/wp-json\/wp\/v2\/comments?post=23129"}],"version-history":[{"count":51,"href":"https:\/\/www.rigenerativa.org\/it\/wp-json\/wp\/v2\/pages\/23129\/revisions"}],"predecessor-version":[{"id":23703,"href":"https:\/\/www.rigenerativa.org\/it\/wp-json\/wp\/v2\/pages\/23129\/revisions\/23703"}],"wp:attachment":[{"href":"https:\/\/www.rigenerativa.org\/it\/wp-json\/wp\/v2\/media?parent=23129"}],"curies":[{"name":"wp","href":"https:\/\/api.w.org\/{rel}","templated":true}]}}